{"id":497,"date":"2024-10-17T09:52:21","date_gmt":"2024-10-17T07:52:21","guid":{"rendered":"https:\/\/canroviradefogars.cat\/politica-de-venta\/"},"modified":"2025-01-23T10:29:52","modified_gmt":"2025-01-23T09:29:52","slug":"politica-de-venta","status":"publish","type":"page","link":"https:\/\/canroviradefogars.cat\/es\/politica-de-venta\/","title":{"rendered":"Pol\u00edtica de venta"},"content":{"rendered":"\t\t<div data-elementor-type=\"wp-page\" data-elementor-id=\"497\" class=\"elementor elementor-497 elementor-376\" data-elementor-post-type=\"page\">\n\t\t\t\t<div class=\"elementor-element elementor-element-18917ac e-flex e-con-boxed e-con e-parent\" data-id=\"18917ac\" data-element_type=\"container\" data-e-type=\"container\" data-settings=\"{&quot;background_background&quot;:&quot;classic&quot;}\">\n\t\t\t\t\t<div class=\"e-con-inner\">\n\t\t\t\t<div class=\"elementor-element elementor-element-f5f0752 elementor-widget elementor-widget-heading\" data-id=\"f5f0752\" data-element_type=\"widget\" data-e-type=\"widget\" data-widget_type=\"heading.default\">\n\t\t\t\t<div class=\"elementor-widget-container\">\n\t\t\t\t\t<h1 class=\"elementor-heading-title elementor-size-default\">Pol\u00edtica de venta<\/h1>\t\t\t\t<\/div>\n\t\t\t\t<\/div>\n\t\t\t\t<div class=\"elementor-element elementor-element-1ff12eb elementor-widget elementor-widget-text-editor\" data-id=\"1ff12eb\" data-element_type=\"widget\" data-e-type=\"widget\" data-widget_type=\"text-editor.default\">\n\t\t\t\t<div class=\"elementor-widget-container\">\n\t\t\t\t\t\t\t\t\t<p>Con el fin de dar cumplimiento al art\u00edculo 10 de la Ley 34\/2002 de Servicios de la Sociedad de la Informaci\u00f3n y Comercio Electr\u00f3nico, informamos al usuario de nuestros datos:<\/p>\n<p><\/p>\n<p><span style=\"font-family: var( --e-global-typography-text-font-family ), Sans-serif; font-size: var( --e-global-typography-text-font-size ); text-align: var(--text-align);\">Nombre Comercial: CAN ROVIRA DE FOGARS<\/span><br><\/p>\n<p>Domicilio Social: CAN ROVIRA DE FOGARS, DS, 08479, BARCELONA (EL MONTSENY)<\/p>\n<p>Responsable:&nbsp; <span style=\"text-align: var(--text-align);\">DAVID GARCIA VENDRELL<\/span><\/p>\n<p>DNI:&nbsp; <span style=\"text-align: var(--text-align);\">4770016S<\/span><\/p>\n<p>Tel\u00e9fono: +34 661 038 766<\/p>\n<p>e-mail: canroviradefogars@gmail.com<\/p>\n<p>P\u00e1gina Web: www.canroviradefogars.cat<\/p>\n<p><\/p>\n<p><br><\/p>\n<p><b>CONTRATO, CONDICIONES GENERALES Y NORMATIVA DE ALQUILER Y USO DE LA CASA CAN ROVIRA DE FOGARS<\/b><\/p>\n<p>Les agradecer\u00edamos que la casa sea tratada como tratar\u00eda su casa. Y as\u00ed podremos disfrutarlo todos. La casa pone a su disposici\u00f3n el menaje del hogar, s\u00e1banas, toallas de ba\u00f1o, etc. *consulte el documento de inventario para saber todo lo que dispone la casa.   <\/p>\n<p><b>CLIENTES<\/b><\/p>\n<p><u>Estancia clientes<\/u>: No est\u00e1 permitida la estancia a personas que no est\u00e9n alojadas en la casa, aunque sean amigos o invitados de los clientes. Las personas que han firmado la hoja de registro son los clientes autorizados y el n\u00famero de personas que pueden utilizarla. Debe detallarse exactamente el n\u00famero de adultos, ni\u00f1os, menores de 2 a\u00f1os y animales que se alojar\u00e1n en la casa durante los d\u00edas de estancia acordados en el momento de formalizar la reserva. Si el n\u00famero de personas (ya sean adultos, ni\u00f1os o beb\u00e9s) o animales acordados en el documento de reserva aumenta, el precio se incrementar\u00e1, calculando un m\u00ednimo de dos noches. Tanto si han venido para dormir como para pasar el d\u00eda. La capacidad m\u00e1xima de la casa es de 8 personas, y 3 beb\u00e9s (cunas).     <\/p>\n<p><u>Cuna gratuita<\/u>: Se dispone de cuna con el fin de pernoctar los menores de 2 a\u00f1os de edad. Su instalaci\u00f3n y por tanto el alojamiento de los menores de 2 a\u00f1os tendr\u00e1 car\u00e1cter gratuito. Pedir con antelaci\u00f3n. Para la cuna NO disponemos de n\u00f3rdico, almohada o s\u00e1banas para temas de pieles at\u00f3picas. Las toallas para beb\u00e9s tambi\u00e9n deben llevarlas. La instalaci\u00f3n de las cunas se solicitar\u00e1 antes de formalizar la reserva.     <\/p>\n<p><u>Sof\u00e1-cama<\/u>: La instalaci\u00f3n es por la ampliaci\u00f3n de plazas de la casa, si la finalidad es por la distribuci\u00f3n a la hora de dormir, el precio ser\u00e1 el de la casa completa + el sof\u00e1-cama. La instalaci\u00f3n es de 20\u20ac por noche. La instalaci\u00f3n del sof\u00e1 cama se pedir\u00e1 antes de formalizar la reserva.  <\/p>\n<p><br><\/p>\n<p><b>MASCOTAS<\/b><\/p>\n<ul>\n<li>S\u00f3lo la primera mascota tiene estancia gratuita.<br><\/li>\n<li>Habr\u00e1 que comunicar n\u00famero de mascotas, kg y raza antes de realizar la reserva, y el cliente se har\u00e1 responsable de cualquier incidencia, accidente o desperfecto que pueda surgir durante la estancia.<br><\/li>\n<li>NO se pueden quedar solos en el alojamiento.<br><\/li>\n<li>Pedimos que los animales de compa\u00f1\u00eda NO duerman en las habitaciones ni en los sof\u00e1s y que est\u00e9n lo menos posible en la planta primera (donde est\u00e1n las habitaciones y suelo de parqu\u00e9).<br><\/li>\n<li>La zona exterior de la casa \u201cjard\u00edn\u201d est\u00e1 delimitada por un cerrado. As\u00ed nuestros animales no pueden acceder a la zona de jard\u00edn y casa y los suyos pueden estar controlados en este espacio, por su tranquilidad. <br><\/li>\n<li>En la finca vivimos con nuestros animales en libertad: perros, gatos, ponis, burros, gallinas, gansos. Y pueden acceder a todo el exterior. las de la casa, en el caso de ser conflictiva le pediremos que la lleve atada y vigilada.  <br><\/li>\n<li>No dar comida a los animales de la finca.<br><\/li>\n<\/ul>\n<p><br><\/p>\n<p><b>USO DE LA CASA<\/b><\/p>\n<ul>\n<li>En caso de rotura: rogamos que nos informe inmediatamente.<br><\/li>\n<li>Mobiliario\/equipamiento\/electrodom\u00e9sticos: los muebles no se pueden desplazar, algunos de ellos son antiguos y \u00fanicos y cada movimiento los puede estropear. Cada mueble tiene su espacio, no sacar muebles (sillas, mesas) del interior al exterior de la casa. Los equipamientos de cocina deben volver a su sitio as\u00ed como los electrodom\u00e9sticos. La vajilla debe volver a guardarse en su apartamento.   <br><\/li>\n<li>Suministro: le pedimos que haga un uso sostenible del agua, luz y calefacci\u00f3n. Los consumos de agua, electricidad y calefacci\u00f3n est\u00e1n incluidos en el precio total de la estancia, y por tanto no est\u00e1 permitida la utilizaci\u00f3n de aparatos que alteren los consumos previstos de suministros. <br><\/li>\n<li>La le\u00f1a y pastillas de encendido por la estufa est\u00e1n incluidas.<br><\/li>\n<li>Disponemos de acceso a internet (wi-ffi GRATUITO).<br><\/li>\n<li>Apague todas las luces del interior de la casa cuando no est\u00e9.<br><\/li>\n<li>Apague la calefacci\u00f3n si deja las puertas\/ventanas abiertas.<br><\/li>\n<li>La chimenea debe quedar cerrada siempre, no se puede abrir para comer, por eso est\u00e1 la barbacoa. No echar agua a las brasas. Las cenizas se deben ir vaciando, siempre que est\u00e9n apagadas las puede esparcir por la era.  <br><\/li>\n<li>Barbacoa: Se debe utilizar con sensatez. Se utiliza con carb\u00f3n. NO CON LE\u00d1A. Rogamos que deje la barbacoa, que ha utilizado, en perfecto estado de limpieza despu\u00e9s de su uso. En la casa disponemos de sacos. Los sacos de carb\u00f3n tienen un coste.     <br><\/li>\n<li>Prohibido fumar dentro de la casa. Con el objetivo de conservar el ambiente limpio y saludable, no est\u00e1 permitido fumar dentro de la casa. Est\u00e1 totalmente prohibido hacer fuego o tirar cohetes.   <br><\/li>\n<li>Basura: Los contenedores de desecho y los de reciclaje los tienen al lado de la carretera, direcci\u00f3n Sant Celoni. A 700 metros de la casa. Rogamos que no deje bolsas de basura en el interior de la vivienda cuando se va y al exterior mientras dure su estancia ya que atrae a los animales del bosque las pueden coger y esparcir por el patio.  <br><\/li>\n<li>M\u00fasica: No se permite llevar equipo de m\u00fasica o poner m\u00fasica con nivel muy alto en el exterior. En la casa est\u00e1 totalmente prohibido realizar fiestas, poner la m\u00fasica excesivamente alta, o hacer exceso de ruido en horarios no habituales. <br><\/li>\n<li>Insectos: Recordemos que vivimos en un ambiente rural y por tanto moscas, mosquitos, hormigas y otros tipos de insectos\/animales comparten los espacios con nosotros. Todas las ventanas disponen de mosquiteras. <br><\/li>\n<\/ul>\n<p><br><\/p>\n<p>CONDICIONES DE RESERVA<\/p>\n<p><u>Paga y se\u00f1al<\/u>: la reserva no ser\u00e1 efectiva hasta que el cliente no haya efectuado el ingreso de la paga y se\u00f1al en el n\u00famero de cuenta indicado.<\/p>\n<p><u>Fianza<\/u>: para grupos de 4 o m\u00e1s personas, o estancias de m\u00e1s\/o de una semana, pedimos una fianza de 100\u20ac. \u00c9sta se devolver\u00e1 en una semana como m\u00e1ximo, despu\u00e9s de su estancia, en el n\u00famero de cuenta indicado. En el caso de: rotura, mal uso de la casa o cualquier otro tipo de desperfecto, se devolver\u00e1 el importe que corresponda y se enviar\u00e1 factura o justificante de estos importes.  <\/p>\n<p><u>Fechas reserva<\/u>: En caso de que el cliente decida cambiar las fechas de reserva y\/o el n\u00famero de personas, s\u00f3lo ser\u00e1 posible: Si se avisa con m\u00e1s de 7 d\u00edas de anticipaci\u00f3n a la fecha fijada para ocupar el alojamiento. Si no es as\u00ed, la reserva no se devolver\u00e1 o no se abonar\u00e1n las plazas de menor ocupaci\u00f3n. Las nuevas fechas no podr\u00e1n aplicarse a festivos, puentes u ofertas especiales. El ingreso de la paga y se\u00f1al no se devolver\u00e1 en ning\u00fan caso.   <\/p>\n<p><u>Uso de las instalaciones<\/u>:<\/p>\n<ul>\n<li>No est\u00e1 permitida la utilizaci\u00f3n de la casa ni de su entorno paisaj\u00edstico por cualquier tipo de actividad distinta a la pactada. Tampoco se podr\u00e1n realizar actividades o conductas contrarias a la higiene o normal convivencia o que atenten contra el orden p\u00fablico. <br><\/li>\n<li>No est\u00e1 permitida ninguna celebraci\u00f3n con m\u00e1s personas de la capacidad m\u00e1xima de la casa.<br><\/li>\n<li>El propietario no se har\u00e1 responsable de ning\u00fan tipo de objeto personal y\/o de valor, ni de veh\u00edculo propiedad del cliente, que pudiera encontrarse en la casa durante la estancia contratada, ni de su p\u00e9rdida, desaparici\u00f3n o robo.<\/li>\n<\/ul>\n<p><u><br><\/u><\/p>\n<p><u>Horarios<\/u>: En las estancias de una semana o quince d\u00edas, la hora de entrada ser\u00e1 a partir de las 17:00 hy la salida antes de las 12:00 h. En las estancias de un fin de semana puentes o d\u00edas festivos, la hora de entrada es a partir de las 17:00 hy el de salida antes de las 12:00 h si no se ha pactado otro con el propietario. <\/p>\n<p><u>Estancia m\u00ednima<\/u>: La estancia m\u00ednima en la casa debe ser de dos noches, o dos d\u00edas (una noche). En ambos casos el precio es el mismo. Durante los meses de julio y agosto, la estancia m\u00ednima de la casa es de una semana (7 noches). El \u00faltimo fin de semana de junio y el primer fin de semana de septiembre, seg\u00fan el calendario, puede que no se pudiera alquilar s\u00f3lo el fin de semana ya que va unido con la primera semana de julio o la \u00faltima semana de agosto. En este caso, siempre es necesario consultar a canroviradefogars@gmail.com    <\/p>\n<p><u>Precios<\/u>: La casa de Can Rovira de Fogars est\u00e1 anunciada en muchas p\u00e1ginas webs y portales de turismo. Los precios que prevalecen son los que le informaremos v\u00eda correo electr\u00f3nico o tel\u00e9fono. con el propietario.  <\/p>\n<p><u>Tasa tur\u00edstica<\/u>: Desde 1 de noviembre de 2012 entr\u00f3 en vigor el Impuesto sobre estancias en establecimientos tur\u00edsticos (IEET), la tasa es 0,90 euros\/d\u00eda y persona mayor de 16 a\u00f1os. Esta tasa va incluida en el precio de la estancia siempre que haya sido contratado directamente con el propietario. <\/p>\n<p><br><\/p><p>ACEPTACI\u00d3N DE LA RESERVA<\/p>\n<p>La persona firmante del contrato de alquiler ser\u00e1 la responsable del comportamiento adecuado de todas las personas que le acompa\u00f1en. Can Rovira de Fogars, DAVID GARCIA VENDRELL con DNI 4770016S no se hace responsable de ning\u00fan tipo de da\u00f1o, directo o indirecto, que pueda ser ocasionado como consecuencia del mal uso por parte del cliente, incluyendo sin limitaci\u00f3n p\u00e9rdidas por causa de fuego , robos, accidentes u otro tipo de desperfectos. Cualquier desperfecto causado en la casa debe ser comunicado de forma inmediata. El cliente ser\u00e1 el responsable de ese desperfecto y se le cobrar\u00e1n los costes.   <\/p>\n<p>El cliente es responsable de la lectura, comprensi\u00f3n y aceptaci\u00f3n de estas condiciones generales en el momento de entrar en la casa, de no respetar al cliente las condiciones ser\u00e1 causa suficiente para que sea cancelado el contrato por la parte arrendadora, debiendo abandonar la parte arrendataria y sus ocupantes la vivienda inmediatamente sin derecho a ninguna reclamaci\u00f3n por parte del arrendatario al arrendador.<\/p><p><br><\/p><p><b>\u00a1Deseo que su estancia sea de lo m\u00e1s agradable!<\/b><br><\/p>\t\t\t\t\t\t\t\t<\/div>\n\t\t\t\t<\/div>\n\t\t\t\t\t<\/div>\n\t\t\t\t<\/div>\n\t\t\t\t<\/div>\n\t\t","protected":false},"excerpt":{"rendered":"<p>Aviso legal y pol\u00edtica de protecci\u00f3n de datos de la web de Can Rovira de Fogars<\/p>\n","protected":false},"author":1,"featured_media":43,"parent":0,"menu_order":0,"comment_status":"closed","ping_status":"closed","template":"","meta":{"footnotes":""},"class_list":["post-497","page","type-page","status-publish","has-post-thumbnail","hentry"],"yoast_head":"<!-- This site is optimized with the Yoast SEO plugin v27.5 - https:\/\/yoast.com\/product\/yoast-seo-wordpress\/ -->\n<title>Can Rovira de Fogars - Pol\u00edtica de venta<\/title>\n<meta name=\"description\" content=\"Consulta la pol\u00edtica de venta de Can Rovira de Fogars: condiciones, reservas e informaci\u00f3n para garantizar una experiencia clara y segura.\" \/>\n<meta name=\"robots\" content=\"index, follow, max-snippet:-1, max-image-preview:large, max-video-preview:-1\" \/>\n<link rel=\"canonical\" href=\"https:\/\/canroviradefogars.cat\/es\/politica-de-venta\/\" \/>\n<meta property=\"og:locale\" content=\"es_ES\" \/>\n<meta property=\"og:type\" content=\"article\" \/>\n<meta property=\"og:title\" content=\"Can Rovira de Fogars - Pol\u00edtica de venta\" \/>\n<meta property=\"og:description\" content=\"Consulta la pol\u00edtica de venta de Can Rovira de Fogars: condiciones, reservas e informaci\u00f3n para garantizar una experiencia clara y segura.\" \/>\n<meta property=\"og:url\" content=\"https:\/\/canroviradefogars.cat\/es\/politica-de-venta\/\" \/>\n<meta property=\"og:site_name\" content=\"Can Rovira de Fogars\" \/>\n<meta property=\"article:modified_time\" content=\"2025-01-23T09:29:52+00:00\" \/>\n<meta property=\"og:image\" content=\"https:\/\/canroviradefogars.cat\/wp-content\/uploads\/2024\/10\/CRdF-foto-portada.jpg\" \/>\n\t<meta property=\"og:image:width\" content=\"1751\" \/>\n\t<meta property=\"og:image:height\" content=\"1113\" \/>\n\t<meta property=\"og:image:type\" content=\"image\/jpeg\" \/>\n<meta name=\"twitter:card\" content=\"summary_large_image\" \/>\n<meta name=\"twitter:label1\" content=\"Tiempo de lectura\" \/>\n\t<meta name=\"twitter:data1\" content=\"9 minutos\" \/>\n<script type=\"application\/ld+json\" class=\"yoast-schema-graph\">{\"@context\":\"https:\\\/\\\/schema.org\",\"@graph\":[{\"@type\":\"WebPage\",\"@id\":\"https:\\\/\\\/canroviradefogars.cat\\\/es\\\/politica-de-venta\\\/\",\"url\":\"https:\\\/\\\/canroviradefogars.cat\\\/es\\\/politica-de-venta\\\/\",\"name\":\"Can Rovira de Fogars - Pol\u00edtica de venta\",\"isPartOf\":{\"@id\":\"https:\\\/\\\/canroviradefogars.cat\\\/es\\\/#website\"},\"primaryImageOfPage\":{\"@id\":\"https:\\\/\\\/canroviradefogars.cat\\\/es\\\/politica-de-venta\\\/#primaryimage\"},\"image\":{\"@id\":\"https:\\\/\\\/canroviradefogars.cat\\\/es\\\/politica-de-venta\\\/#primaryimage\"},\"thumbnailUrl\":\"https:\\\/\\\/canroviradefogars.cat\\\/wp-content\\\/uploads\\\/2024\\\/10\\\/CRdF-foto-portada.jpg\",\"datePublished\":\"2024-10-17T07:52:21+00:00\",\"dateModified\":\"2025-01-23T09:29:52+00:00\",\"description\":\"Consulta la pol\u00edtica de venta de Can Rovira de Fogars: condiciones, reservas e informaci\u00f3n para garantizar una experiencia clara y segura.\",\"breadcrumb\":{\"@id\":\"https:\\\/\\\/canroviradefogars.cat\\\/es\\\/politica-de-venta\\\/#breadcrumb\"},\"inLanguage\":\"es\",\"potentialAction\":[{\"@type\":\"ReadAction\",\"target\":[\"https:\\\/\\\/canroviradefogars.cat\\\/es\\\/politica-de-venta\\\/\"]}]},{\"@type\":\"ImageObject\",\"inLanguage\":\"es\",\"@id\":\"https:\\\/\\\/canroviradefogars.cat\\\/es\\\/politica-de-venta\\\/#primaryimage\",\"url\":\"https:\\\/\\\/canroviradefogars.cat\\\/wp-content\\\/uploads\\\/2024\\\/10\\\/CRdF-foto-portada.jpg\",\"contentUrl\":\"https:\\\/\\\/canroviradefogars.cat\\\/wp-content\\\/uploads\\\/2024\\\/10\\\/CRdF-foto-portada.jpg\",\"width\":1751,\"height\":1113},{\"@type\":\"BreadcrumbList\",\"@id\":\"https:\\\/\\\/canroviradefogars.cat\\\/es\\\/politica-de-venta\\\/#breadcrumb\",\"itemListElement\":[{\"@type\":\"ListItem\",\"position\":1,\"name\":\"Inici\",\"item\":\"https:\\\/\\\/canroviradefogars.cat\\\/es\\\/inicio\\\/\"},{\"@type\":\"ListItem\",\"position\":2,\"name\":\"Pol\u00edtica de venta\"}]},{\"@type\":\"WebSite\",\"@id\":\"https:\\\/\\\/canroviradefogars.cat\\\/es\\\/#website\",\"url\":\"https:\\\/\\\/canroviradefogars.cat\\\/es\\\/\",\"name\":\"Can Rovira de Fogars\",\"description\":\"Allotjament rural al Parc Natural del Montseny\",\"publisher\":{\"@id\":\"https:\\\/\\\/canroviradefogars.cat\\\/es\\\/#organization\"},\"potentialAction\":[{\"@type\":\"SearchAction\",\"target\":{\"@type\":\"EntryPoint\",\"urlTemplate\":\"https:\\\/\\\/canroviradefogars.cat\\\/es\\\/?s={search_term_string}\"},\"query-input\":{\"@type\":\"PropertyValueSpecification\",\"valueRequired\":true,\"valueName\":\"search_term_string\"}}],\"inLanguage\":\"es\"},{\"@type\":\"Organization\",\"@id\":\"https:\\\/\\\/canroviradefogars.cat\\\/es\\\/#organization\",\"name\":\"Can Rovira de Fogars\",\"url\":\"https:\\\/\\\/canroviradefogars.cat\\\/es\\\/\",\"logo\":{\"@type\":\"ImageObject\",\"inLanguage\":\"es\",\"@id\":\"https:\\\/\\\/canroviradefogars.cat\\\/es\\\/#\\\/schema\\\/logo\\\/image\\\/\",\"url\":\"https:\\\/\\\/canroviradefogars.cat\\\/wp-content\\\/uploads\\\/2024\\\/10\\\/CRdF-logo.svg\",\"contentUrl\":\"https:\\\/\\\/canroviradefogars.cat\\\/wp-content\\\/uploads\\\/2024\\\/10\\\/CRdF-logo.svg\",\"caption\":\"Can Rovira de Fogars\"},\"image\":{\"@id\":\"https:\\\/\\\/canroviradefogars.cat\\\/es\\\/#\\\/schema\\\/logo\\\/image\\\/\"},\"sameAs\":[\"https:\\\/\\\/intstagram.com\\\/canroviradefogars\"]}]}<\/script>\n<!-- \/ Yoast SEO plugin. -->","yoast_head_json":{"title":"Can Rovira de Fogars - Pol\u00edtica de venta","description":"Consulta la pol\u00edtica de venta de Can Rovira de Fogars: condiciones, reservas e informaci\u00f3n para garantizar una experiencia clara y segura.","robots":{"index":"index","follow":"follow","max-snippet":"max-snippet:-1","max-image-preview":"max-image-preview:large","max-video-preview":"max-video-preview:-1"},"canonical":"https:\/\/canroviradefogars.cat\/es\/politica-de-venta\/","og_locale":"es_ES","og_type":"article","og_title":"Can Rovira de Fogars - Pol\u00edtica de venta","og_description":"Consulta la pol\u00edtica de venta de Can Rovira de Fogars: condiciones, reservas e informaci\u00f3n para garantizar una experiencia clara y segura.","og_url":"https:\/\/canroviradefogars.cat\/es\/politica-de-venta\/","og_site_name":"Can Rovira de Fogars","article_modified_time":"2025-01-23T09:29:52+00:00","og_image":[{"width":1751,"height":1113,"url":"https:\/\/canroviradefogars.cat\/wp-content\/uploads\/2024\/10\/CRdF-foto-portada.jpg","type":"image\/jpeg"}],"twitter_card":"summary_large_image","twitter_misc":{"Tiempo de lectura":"9 minutos"},"schema":{"@context":"https:\/\/schema.org","@graph":[{"@type":"WebPage","@id":"https:\/\/canroviradefogars.cat\/es\/politica-de-venta\/","url":"https:\/\/canroviradefogars.cat\/es\/politica-de-venta\/","name":"Can Rovira de Fogars - Pol\u00edtica de venta","isPartOf":{"@id":"https:\/\/canroviradefogars.cat\/es\/#website"},"primaryImageOfPage":{"@id":"https:\/\/canroviradefogars.cat\/es\/politica-de-venta\/#primaryimage"},"image":{"@id":"https:\/\/canroviradefogars.cat\/es\/politica-de-venta\/#primaryimage"},"thumbnailUrl":"https:\/\/canroviradefogars.cat\/wp-content\/uploads\/2024\/10\/CRdF-foto-portada.jpg","datePublished":"2024-10-17T07:52:21+00:00","dateModified":"2025-01-23T09:29:52+00:00","description":"Consulta la pol\u00edtica de venta de Can Rovira de Fogars: condiciones, reservas e informaci\u00f3n para garantizar una experiencia clara y segura.","breadcrumb":{"@id":"https:\/\/canroviradefogars.cat\/es\/politica-de-venta\/#breadcrumb"},"inLanguage":"es","potentialAction":[{"@type":"ReadAction","target":["https:\/\/canroviradefogars.cat\/es\/politica-de-venta\/"]}]},{"@type":"ImageObject","inLanguage":"es","@id":"https:\/\/canroviradefogars.cat\/es\/politica-de-venta\/#primaryimage","url":"https:\/\/canroviradefogars.cat\/wp-content\/uploads\/2024\/10\/CRdF-foto-portada.jpg","contentUrl":"https:\/\/canroviradefogars.cat\/wp-content\/uploads\/2024\/10\/CRdF-foto-portada.jpg","width":1751,"height":1113},{"@type":"BreadcrumbList","@id":"https:\/\/canroviradefogars.cat\/es\/politica-de-venta\/#breadcrumb","itemListElement":[{"@type":"ListItem","position":1,"name":"Inici","item":"https:\/\/canroviradefogars.cat\/es\/inicio\/"},{"@type":"ListItem","position":2,"name":"Pol\u00edtica de venta"}]},{"@type":"WebSite","@id":"https:\/\/canroviradefogars.cat\/es\/#website","url":"https:\/\/canroviradefogars.cat\/es\/","name":"Can Rovira de Fogars","description":"Allotjament rural al Parc Natural del Montseny","publisher":{"@id":"https:\/\/canroviradefogars.cat\/es\/#organization"},"potentialAction":[{"@type":"SearchAction","target":{"@type":"EntryPoint","urlTemplate":"https:\/\/canroviradefogars.cat\/es\/?s={search_term_string}"},"query-input":{"@type":"PropertyValueSpecification","valueRequired":true,"valueName":"search_term_string"}}],"inLanguage":"es"},{"@type":"Organization","@id":"https:\/\/canroviradefogars.cat\/es\/#organization","name":"Can Rovira de Fogars","url":"https:\/\/canroviradefogars.cat\/es\/","logo":{"@type":"ImageObject","inLanguage":"es","@id":"https:\/\/canroviradefogars.cat\/es\/#\/schema\/logo\/image\/","url":"https:\/\/canroviradefogars.cat\/wp-content\/uploads\/2024\/10\/CRdF-logo.svg","contentUrl":"https:\/\/canroviradefogars.cat\/wp-content\/uploads\/2024\/10\/CRdF-logo.svg","caption":"Can Rovira de Fogars"},"image":{"@id":"https:\/\/canroviradefogars.cat\/es\/#\/schema\/logo\/image\/"},"sameAs":["https:\/\/intstagram.com\/canroviradefogars"]}]}},"_links":{"self":[{"href":"https:\/\/canroviradefogars.cat\/es\/wp-json\/wp\/v2\/pages\/497","targetHints":{"allow":["GET"]}}],"collection":[{"href":"https:\/\/canroviradefogars.cat\/es\/wp-json\/wp\/v2\/pages"}],"about":[{"href":"https:\/\/canroviradefogars.cat\/es\/wp-json\/wp\/v2\/types\/page"}],"author":[{"embeddable":true,"href":"https:\/\/canroviradefogars.cat\/es\/wp-json\/wp\/v2\/users\/1"}],"replies":[{"embeddable":true,"href":"https:\/\/canroviradefogars.cat\/es\/wp-json\/wp\/v2\/comments?post=497"}],"version-history":[{"count":3,"href":"https:\/\/canroviradefogars.cat\/es\/wp-json\/wp\/v2\/pages\/497\/revisions"}],"predecessor-version":[{"id":1121,"href":"https:\/\/canroviradefogars.cat\/es\/wp-json\/wp\/v2\/pages\/497\/revisions\/1121"}],"wp:featuredmedia":[{"embeddable":true,"href":"https:\/\/canroviradefogars.cat\/es\/wp-json\/wp\/v2\/media\/43"}],"wp:attachment":[{"href":"https:\/\/canroviradefogars.cat\/es\/wp-json\/wp\/v2\/media?parent=497"}],"curies":[{"name":"wp","href":"https:\/\/api.w.org\/{rel}","templated":true}]}}